{"id":717,"date":"2011-06-14T19:33:45","date_gmt":"2011-06-14T19:33:45","guid":{"rendered":"http:\/\/sindicato.biz\/neu\/?page_id=717"},"modified":"2011-06-14T19:36:42","modified_gmt":"2011-06-14T19:36:42","slug":"restore-apartment-gallery-identidade-e-website","status":"publish","type":"page","link":"http:\/\/sindicato.biz\/neu\/trabalhos-work\/restore-apartment-gallery-identidade-e-website","title":{"rendered":"(re)store apartment gallery &#45; identidade e website"},"content":{"rendered":"<p>Graphic design, Web design by <strong>Ant\u00f3nio N\u00e9u<\/strong><\/p>\n<p>Writing by <a href=\"http:\/\/sindicato.biz\/antonia\"><strong>Maria Ant\u00f3nia Oliveira<\/strong><\/a><\/p>\n<p><img loading=\"lazy\" src=\"..\/..\/wp-content\/uploads\/2011\/06\/marca.jpg\" alt=\"\" width=\"540\" height=\"523\" \/><\/p>\n<p>Preterindo a identidade tradicional baseada num log\u00f3tipo, apost\u00e1mos  numa  identidade principalmente descritiva para a (re)store. Esta op\u00e7\u00e3o   atendeu, por um lado, ao car\u00e1cter da loja \u2013 n\u00e3o se pretende concorrer  ou  rivalizar graficamente com os diferentes estilos das pe\u00e7as vendidas.  A  identidade baseia-se, assim, na explica\u00e7\u00e3o do conceito da loja. A  isso  cham\u00e1mos identidade verbal.<\/p>\n<p>Website e Facebook:<\/p>\n<p><strong><img loading=\"lazy\" src=\"..\/..\/wp-content\/uploads\/2011\/06\/verbal_4.jpg\" alt=\"\" width=\"540\" height=\"160\" \/><\/strong><\/p>\n<p>Convites:<\/p>\n<p><img loading=\"lazy\" src=\"..\/..\/wp-content\/uploads\/2011\/06\/verbal_5.jpg\" alt=\"\" width=\"540\" height=\"160\" \/><\/p>\n<p>Parede de entrada da loja:<\/p>\n<p><img loading=\"lazy\" src=\"..\/..\/wp-content\/uploads\/2011\/06\/verbal_6.jpg\" alt=\"\" width=\"540\" height=\"160\" \/><\/p>\n<p>De outra parte, a escolha deste tipo de identidade atende \u00e0 tend\u00eancia   actual da comunica\u00e7\u00e3o institucional ser maioritariamente feita atrav\u00e9s   de suportes digitais. Optou-se, ent\u00e3o, pela utiliza\u00e7\u00e3o de tr\u00eas fontes  de  sistema. Deste modo, ela poder\u00e1 manter as suas caracter\u00edsticas em   qualquer computador \u2013 basta escrever. Evita-se tamb\u00e9m a aplica\u00e7\u00e3o   incorrecta e a distor\u00e7\u00e3o muito frequentes nos meios digitais.<\/p>\n<p><img loading=\"lazy\" src=\"..\/..\/wp-content\/uploads\/2011\/06\/construcao_2.jpg\" alt=\"\" width=\"540\" height=\"220\" \/><\/p>\n<p>A identidade pode, portanto, ser reproduzida por qualquer pessoa, em qualquer s\u00edtio do mundo e por todos os computadores.<\/p>\n<p>No entanto, ao nome da loja foi dada uma forma que lhe d\u00e1  notoriedade, seja quando utilizada isoladamente, seja num bloco de  texto. A utiliza\u00e7\u00e3o dos par\u00eanteses, sublinhando a vertente de restauro \/  redesign da loja, confere \u00e0 pr\u00f3pria palavra um car\u00e1cter distintivo.<\/p>\n<p>Outra caracter\u00edstica desta identidade \u00e9 a utiliza\u00e7\u00e3o de um fundo  texturado verde. A inten\u00e7\u00e3o \u00e9 transmitir o ambiente da loja (um  apartamento restaurado artesanalmente) e do (re)design de algumas pe\u00e7as,  que tamb\u00e9m tem uma forte componente artesanal.<\/p>\n<p><img loading=\"lazy\" src=\"..\/..\/wp-content\/uploads\/2011\/06\/fundo.jpg\" alt=\"\" width=\"540\" height=\"390\" \/><\/p>\n<p><strong>Aplica\u00e7\u00f5es Gr\u00e1ficas:<\/strong><\/p>\n<p><strong><img loading=\"lazy\" src=\"..\/..\/wp-content\/uploads\/2011\/06\/placa_exterior.jpg\" alt=\"\" width=\"540\" height=\"360\" \/><\/strong><\/p>\n<p>Placa exterior da loja<\/p>\n<p><img loading=\"lazy\" src=\"..\/..\/wp-content\/uploads\/2011\/06\/parede_entrada.jpg\" alt=\"\" width=\"540\" height=\"360\" \/><\/p>\n<p>Parede da entrada da loja<\/p>\n<p><img loading=\"lazy\" src=\"..\/..\/wp-content\/uploads\/2011\/06\/convites.jpg\" alt=\"\" width=\"540\" height=\"360\" \/><\/p>\n<p>Convites<\/p>\n<p><img loading=\"lazy\" src=\"..\/..\/wp-content\/uploads\/2011\/06\/cartao_visita.jpg\" alt=\"\" width=\"540\" height=\"360\" \/><\/p>\n<p>Cart\u00e3o de visita<\/p>\n<p><img loading=\"lazy\" src=\"..\/..\/wp-content\/uploads\/2011\/06\/etiqueta.jpg\" alt=\"\" width=\"540\" height=\"360\" \/><\/p>\n<p>Etiqueta \u2013 frente<\/p>\n<p><img loading=\"lazy\" src=\"..\/..\/wp-content\/uploads\/2011\/06\/etiqueta_V.jpg\" alt=\"\" width=\"540\" height=\"360\" \/><\/p>\n<p>Etiqueta \u2013 verso<\/p>\n<p><strong>Website:<\/strong><\/p>\n<p><a href=\"http:\/\/restoregallery.com\/\" target=\"_blank\"><strong><img loading=\"lazy\" title=\"restoregallery.com\" src=\"..\/..\/wp-content\/uploads\/2011\/06\/site_1.jpg\" alt=\"\" width=\"540\" height=\"338\" \/><\/strong><\/a><\/p>\n<p><a href=\"http:\/\/restoregallery.com\/\" target=\"_blank\"><strong><img loading=\"lazy\" title=\"restoregallery.com\" src=\"..\/..\/wp-content\/uploads\/2011\/06\/site_2.jpg\" alt=\"\" width=\"540\" height=\"338\" \/><\/strong><\/a><\/p>\n<p><a href=\"http:\/\/restoregallery.com\/\" target=\"_blank\"><strong><img loading=\"lazy\" title=\"restoregallery.com\" src=\"..\/..\/wp-content\/uploads\/2011\/06\/site_3.jpg\" alt=\"\" width=\"540\" height=\"338\" \/><\/strong><\/a><\/p>\n<p><a href=\"http:\/\/restoregallery.com\/\" target=\"_blank\"><strong><img loading=\"lazy\" title=\"restoregallery.com\" src=\"..\/..\/wp-content\/uploads\/2011\/06\/site_4.jpg\" alt=\"\" width=\"540\" height=\"338\" \/><\/strong><\/a><\/p>\n<p><a href=\"http:\/\/restoregallery.com\/\" target=\"_blank\">Ver website<\/a><\/p>\n","protected":false},"excerpt":{"rendered":"<p>Graphic design, Web design by Ant\u00f3nio N\u00e9u Writing by Maria Ant\u00f3nia Oliveira Preterindo a identidade tradicional baseada num log\u00f3tipo, apost\u00e1mos numa identidade principalmente descritiva para a (re)store. Esta op\u00e7\u00e3o atendeu, por um lado, ao car\u00e1cter da loja \u2013 n\u00e3o se pretende concorrer ou rivalizar graficamente com os diferentes estilos das pe\u00e7as vendidas. A identidade baseia-se, &hellip; <a href=\"http:\/\/sindicato.biz\/neu\/trabalhos-work\/restore-apartment-gallery-identidade-e-website\" class=\"more-link\">Continue reading<span class=\"screen-reader-text\"> &#8220;(re)store apartment gallery &#45; identidade e website&#8221;<\/span><\/a><\/p>\n","protected":false},"author":1,"featured_media":0,"parent":19,"menu_order":13,"comment_status":"closed","ping_status":"closed","template":"","meta":[],"_links":{"self":[{"href":"http:\/\/sindicato.biz\/neu\/wp-json\/wp\/v2\/pages\/717"}],"collection":[{"href":"http:\/\/sindicato.biz\/neu\/wp-json\/wp\/v2\/pages"}],"about":[{"href":"http:\/\/sindicato.biz\/neu\/wp-json\/wp\/v2\/types\/page"}],"author":[{"embeddable":true,"href":"http:\/\/sindicato.biz\/neu\/wp-json\/wp\/v2\/users\/1"}],"replies":[{"embeddable":true,"href":"http:\/\/sindicato.biz\/neu\/wp-json\/wp\/v2\/comments?post=717"}],"version-history":[{"count":3,"href":"http:\/\/sindicato.biz\/neu\/wp-json\/wp\/v2\/pages\/717\/revisions"}],"predecessor-version":[{"id":719,"href":"http:\/\/sindicato.biz\/neu\/wp-json\/wp\/v2\/pages\/717\/revisions\/719"}],"up":[{"embeddable":true,"href":"http:\/\/sindicato.biz\/neu\/wp-json\/wp\/v2\/pages\/19"}],"wp:attachment":[{"href":"http:\/\/sindicato.biz\/neu\/wp-json\/wp\/v2\/media?parent=717"}],"curies":[{"name":"wp","href":"https:\/\/api.w.org\/{rel}","templated":true}]}}