{"id":21,"date":"2008-01-19T18:25:43","date_gmt":"2008-01-19T18:25:43","guid":{"rendered":"http:\/\/sindicato.biz\/neu\/?page_id=21"},"modified":"2011-05-26T23:15:27","modified_gmt":"2011-05-26T23:15:27","slug":"camarote-estadio-benfica","status":"publish","type":"page","link":"http:\/\/sindicato.biz\/neu\/trabalhos-work\/camarote-estadio-benfica","title":{"rendered":"Vodafone &#45; est\u00e1dio do Benfica"},"content":{"rendered":"<h4>Decora\u00e7\u00e3o do camarote da Vodafone e telas exteriores do est\u00e1dio &#8211; 2006<\/h4>\n<p>Na decora\u00e7\u00e3o do camarote, a interven\u00e7\u00e3o gr\u00e1fica foi feita directamente na parede do camarote com marcador vermelho. As telas exteriores s\u00e3o em impress\u00e3o digital.<\/p>\n<p><font color=\"#333333\"><em><span class=\"style6\">*Trabalho desenvolvido na Brandia. Direitos pertencentes a Brandia Central e Vodafone.<\/span><\/em><\/font><\/p>\n<p><strong>Decora\u00e7\u00e3o do camarote:<\/strong><\/p>\n<p><a href=\"http:\/\/sindicato.biz\/neu\/wp-content\/uploads\/2008\/01\/benfica_1.jpg\" title=\"benfica_1.jpg\"><img src=\"http:\/\/sindicato.biz\/neu\/wp-content\/uploads\/2008\/01\/benfica_1.jpg\" alt=\"benfica_1.jpg\" \/><\/a><\/p>\n<p><a href=\"http:\/\/sindicato.biz\/neu\/wp-content\/uploads\/2008\/01\/benfica_2.jpg\" title=\"benfica_2.jpg\"><img src=\"http:\/\/sindicato.biz\/neu\/wp-content\/uploads\/2008\/01\/benfica_2.jpg\" alt=\"benfica_2.jpg\" \/><\/a><\/p>\n<p><a href=\"http:\/\/sindicato.biz\/neu\/wp-content\/uploads\/2008\/01\/benfica_3.jpg\" title=\"benfica_3.jpg\"><img src=\"http:\/\/sindicato.biz\/neu\/wp-content\/uploads\/2008\/01\/benfica_3.jpg\" alt=\"benfica_3.jpg\" \/><\/a><\/p>\n<p><a href=\"http:\/\/sindicato.biz\/neu\/wp-content\/uploads\/2008\/01\/benfica_4.jpg\" title=\"benfica_4.jpg\"><img src=\"http:\/\/sindicato.biz\/neu\/wp-content\/uploads\/2008\/01\/benfica_4.jpg\" alt=\"benfica_4.jpg\" \/><\/a><\/p>\n<p><a href=\"http:\/\/sindicato.biz\/neu\/wp-content\/uploads\/2008\/01\/benfica_5.jpg\" title=\"benfica_5.jpg\"><img src=\"http:\/\/sindicato.biz\/neu\/wp-content\/uploads\/2008\/01\/benfica_5.jpg\" alt=\"benfica_5.jpg\" \/><\/a><\/p>\n<p><strong>Telas exteriores:<\/strong><\/p>\n<p><a href=\"http:\/\/sindicato.biz\/neu\/wp-content\/uploads\/2008\/01\/benfica_6.jpg\" title=\"benfica_6.jpg\"><img src=\"http:\/\/sindicato.biz\/neu\/wp-content\/uploads\/2008\/01\/benfica_6.jpg\" alt=\"benfica_6.jpg\" \/><\/a><\/p>\n<p><a href=\"http:\/\/sindicato.biz\/neu\/wp-content\/uploads\/2008\/01\/benfica_7.jpg\" title=\"benfica_7.jpg\"><img src=\"http:\/\/sindicato.biz\/neu\/wp-content\/uploads\/2008\/01\/benfica_7.jpg\" alt=\"benfica_7.jpg\" \/><\/a><\/p>\n<p><a href=\"http:\/\/sindicato.biz\/neu\/wp-content\/uploads\/2008\/01\/benfica_8.jpg\" title=\"benfica_8.jpg\"><img src=\"http:\/\/sindicato.biz\/neu\/wp-content\/uploads\/2008\/01\/benfica_8.jpg\" alt=\"benfica_8.jpg\" \/><\/a><\/p>\n<p><a href=\"http:\/\/sindicato.biz\/neu\/wp-content\/uploads\/2008\/01\/benfica_9.jpg\" title=\"benfica_9.jpg\"><img src=\"http:\/\/sindicato.biz\/neu\/wp-content\/uploads\/2008\/01\/benfica_9.jpg\" alt=\"benfica_9.jpg\" \/><\/a><\/p>\n<p><a href=\"http:\/\/sindicato.biz\/neu\/wp-content\/uploads\/2008\/01\/benfica_10.jpg\" title=\"benfica_10.jpg\"><img src=\"http:\/\/sindicato.biz\/neu\/wp-content\/uploads\/2008\/01\/benfica_10.jpg\" alt=\"benfica_10.jpg\" \/><\/a><\/p>\n<p><a href=\"http:\/\/sindicato.biz\/neu\/wp-content\/uploads\/2008\/01\/benfica_11.jpg\" title=\"benfica_11.jpg\"><img src=\"http:\/\/sindicato.biz\/neu\/wp-content\/uploads\/2008\/01\/benfica_11.jpg\" alt=\"benfica_11.jpg\" \/><\/a><\/p>\n<address> <\/address>\n","protected":false},"excerpt":{"rendered":"<p>Decora\u00e7\u00e3o do camarote da Vodafone e telas exteriores do est\u00e1dio &#8211; 2006 Na decora\u00e7\u00e3o do camarote, a interven\u00e7\u00e3o gr\u00e1fica foi feita directamente na parede do camarote com marcador vermelho. As telas exteriores s\u00e3o em impress\u00e3o digital. *Trabalho desenvolvido na Brandia. Direitos pertencentes a Brandia Central e Vodafone. Decora\u00e7\u00e3o do camarote: Telas exteriores:<\/p>\n","protected":false},"author":1,"featured_media":0,"parent":19,"menu_order":17,"comment_status":"closed","ping_status":"closed","template":"","meta":[],"_links":{"self":[{"href":"http:\/\/sindicato.biz\/neu\/wp-json\/wp\/v2\/pages\/21"}],"collection":[{"href":"http:\/\/sindicato.biz\/neu\/wp-json\/wp\/v2\/pages"}],"about":[{"href":"http:\/\/sindicato.biz\/neu\/wp-json\/wp\/v2\/types\/page"}],"author":[{"embeddable":true,"href":"http:\/\/sindicato.biz\/neu\/wp-json\/wp\/v2\/users\/1"}],"replies":[{"embeddable":true,"href":"http:\/\/sindicato.biz\/neu\/wp-json\/wp\/v2\/comments?post=21"}],"version-history":[{"count":3,"href":"http:\/\/sindicato.biz\/neu\/wp-json\/wp\/v2\/pages\/21\/revisions"}],"predecessor-version":[{"id":674,"href":"http:\/\/sindicato.biz\/neu\/wp-json\/wp\/v2\/pages\/21\/revisions\/674"}],"up":[{"embeddable":true,"href":"http:\/\/sindicato.biz\/neu\/wp-json\/wp\/v2\/pages\/19"}],"wp:attachment":[{"href":"http:\/\/sindicato.biz\/neu\/wp-json\/wp\/v2\/media?parent=21"}],"curies":[{"name":"wp","href":"https:\/\/api.w.org\/{rel}","templated":true}]}}