{"id":20,"date":"2008-01-19T18:25:36","date_gmt":"2008-01-19T18:25:36","guid":{"rendered":"http:\/\/sindicato.biz\/neu\/?page_id=20"},"modified":"2011-05-26T23:15:34","modified_gmt":"2011-05-26T23:15:34","slug":"vodafone","status":"publish","type":"page","link":"http:\/\/sindicato.biz\/neu\/trabalhos-work\/vodafone","title":{"rendered":"Vodafone &#45; Programa Escolas"},"content":{"rendered":"<h4>Interven\u00e7\u00e3o gr\u00e1fica nas paredes do espa\u00e7o Programa Escolas no Parque das Na\u00e7\u00f5es &#8211; 2005<\/h4>\n<p><em><span class=\"style6\">*Trabalho desenvolvido na Brandia. Direitos pertencentes a Brandia Central e Vodafone.<\/span><\/em><\/p>\n<p><a href=\"http:\/\/sindicato.biz\/neu\/wp-content\/uploads\/2008\/01\/escolas_1.jpg\" title=\"escolas_1.jpg\"><img src=\"http:\/\/sindicato.biz\/neu\/wp-content\/uploads\/2008\/01\/escolas_1.jpg\" alt=\"escolas_1.jpg\" \/><\/a><\/p>\n<p><a href=\"http:\/\/sindicato.biz\/neu\/wp-content\/uploads\/2008\/01\/escolas_2.jpg\" title=\"escolas_2.jpg\"><img src=\"http:\/\/sindicato.biz\/neu\/wp-content\/uploads\/2008\/01\/escolas_2.jpg\" alt=\"escolas_2.jpg\" \/><\/a><\/p>\n<p><a href=\"http:\/\/sindicato.biz\/neu\/wp-content\/uploads\/2008\/01\/escolas_3.jpg\" title=\"escolas_3.jpg\"><img src=\"http:\/\/sindicato.biz\/neu\/wp-content\/uploads\/2008\/01\/escolas_3.jpg\" alt=\"escolas_3.jpg\" \/><\/a><\/p>\n<p><a href=\"http:\/\/sindicato.biz\/neu\/wp-content\/uploads\/2008\/01\/escolas_4.jpg\" title=\"escolas_4.jpg\"><img src=\"http:\/\/sindicato.biz\/neu\/wp-content\/uploads\/2008\/01\/escolas_4.jpg\" alt=\"escolas_4.jpg\" \/><\/a><\/p>\n<p><a href=\"http:\/\/sindicato.biz\/neu\/wp-content\/uploads\/2008\/01\/escolas_5.jpg\" title=\"escolas_5.jpg\"><img src=\"http:\/\/sindicato.biz\/neu\/wp-content\/uploads\/2008\/01\/escolas_5.jpg\" alt=\"escolas_5.jpg\" \/><\/a><\/p>\n<p><a href=\"http:\/\/sindicato.biz\/neu\/wp-content\/uploads\/2008\/01\/escolas_6.jpg\" title=\"escolas_6.jpg\"><img src=\"http:\/\/sindicato.biz\/neu\/wp-content\/uploads\/2008\/01\/escolas_6.jpg\" alt=\"escolas_6.jpg\" \/><\/a><\/p>\n<p><a href=\"http:\/\/sindicato.biz\/neu\/wp-content\/uploads\/2008\/01\/escolas_7.jpg\" title=\"escolas_7.jpg\"><img src=\"http:\/\/sindicato.biz\/neu\/wp-content\/uploads\/2008\/01\/escolas_7.jpg\" alt=\"escolas_7.jpg\" \/><\/a><\/p>\n<p><a href=\"http:\/\/sindicato.biz\/neu\/wp-content\/uploads\/2008\/01\/escolas_8.jpg\" title=\"escolas_8.jpg\"><img src=\"http:\/\/sindicato.biz\/neu\/wp-content\/uploads\/2008\/01\/escolas_8.jpg\" alt=\"escolas_8.jpg\" \/><\/a><\/p>\n<p><a href=\"http:\/\/sindicato.biz\/neu\/wp-content\/uploads\/2008\/01\/escolas_9.jpg\" title=\"escolas_9.jpg\"><img src=\"http:\/\/sindicato.biz\/neu\/wp-content\/uploads\/2008\/01\/escolas_9.jpg\" alt=\"escolas_9.jpg\" \/><\/a><\/p>\n<p><a href=\"http:\/\/sindicato.biz\/neu\/wp-content\/uploads\/2008\/01\/escolas_10.jpg\" title=\"escolas_10.jpg\"><img src=\"http:\/\/sindicato.biz\/neu\/wp-content\/uploads\/2008\/01\/escolas_10.jpg\" alt=\"escolas_10.jpg\" \/><\/a><\/p>\n<p><a href=\"http:\/\/sindicato.biz\/neu\/wp-content\/uploads\/2008\/01\/escolas_11.jpg\" title=\"escolas_11.jpg\"><img src=\"http:\/\/sindicato.biz\/neu\/wp-content\/uploads\/2008\/01\/escolas_11.jpg\" alt=\"escolas_11.jpg\" \/><\/a><\/p>\n<p><a href=\"http:\/\/sindicato.biz\/neu\/wp-content\/uploads\/2008\/01\/escolas_12.jpg\" title=\"escolas_12.jpg\"><img src=\"http:\/\/sindicato.biz\/neu\/wp-content\/uploads\/2008\/01\/escolas_12.jpg\" alt=\"escolas_12.jpg\" \/><\/a><\/p>\n<p><a href=\"http:\/\/sindicato.biz\/neu\/wp-content\/uploads\/2008\/01\/escolas_13.jpg\" title=\"escolas_13.jpg\"><img src=\"http:\/\/sindicato.biz\/neu\/wp-content\/uploads\/2008\/01\/escolas_13.jpg\" alt=\"escolas_13.jpg\" \/><\/a><\/p>\n","protected":false},"excerpt":{"rendered":"<p>Interven\u00e7\u00e3o gr\u00e1fica nas paredes do espa\u00e7o Programa Escolas no Parque das Na\u00e7\u00f5es &#8211; 2005 *Trabalho desenvolvido na Brandia. Direitos pertencentes a Brandia Central e Vodafone.<\/p>\n","protected":false},"author":1,"featured_media":0,"parent":19,"menu_order":18,"comment_status":"closed","ping_status":"closed","template":"","meta":[],"_links":{"self":[{"href":"http:\/\/sindicato.biz\/neu\/wp-json\/wp\/v2\/pages\/20"}],"collection":[{"href":"http:\/\/sindicato.biz\/neu\/wp-json\/wp\/v2\/pages"}],"about":[{"href":"http:\/\/sindicato.biz\/neu\/wp-json\/wp\/v2\/types\/page"}],"author":[{"embeddable":true,"href":"http:\/\/sindicato.biz\/neu\/wp-json\/wp\/v2\/users\/1"}],"replies":[{"embeddable":true,"href":"http:\/\/sindicato.biz\/neu\/wp-json\/wp\/v2\/comments?post=20"}],"version-history":[{"count":2,"href":"http:\/\/sindicato.biz\/neu\/wp-json\/wp\/v2\/pages\/20\/revisions"}],"predecessor-version":[{"id":675,"href":"http:\/\/sindicato.biz\/neu\/wp-json\/wp\/v2\/pages\/20\/revisions\/675"}],"up":[{"embeddable":true,"href":"http:\/\/sindicato.biz\/neu\/wp-json\/wp\/v2\/pages\/19"}],"wp:attachment":[{"href":"http:\/\/sindicato.biz\/neu\/wp-json\/wp\/v2\/media?parent=20"}],"curies":[{"name":"wp","href":"https:\/\/api.w.org\/{rel}","templated":true}]}}