{"id":169,"date":"2008-01-29T19:39:35","date_gmt":"2008-01-29T19:39:35","guid":{"rendered":"http:\/\/sindicato.biz\/neu\/?page_id=169"},"modified":"2011-05-26T23:13:58","modified_gmt":"2011-05-26T23:13:58","slug":"l%e2%80%99agence-identidade","status":"publish","type":"page","link":"http:\/\/sindicato.biz\/neu\/trabalhos-work\/l%e2%80%99agence-identidade","title":{"rendered":"l\u2019Agence &#45; identidade corporativa"},"content":{"rendered":"<h4><em>Rebranding<\/em> da ag\u00eancia de modelos l&#8217;Agence \u2013 2005<\/h4>\n<p><em>*Trabalho desenvolvido na Brandia. Direitos pertencentes a Brandia Central e l&#8217;Agence.<\/em><\/p>\n<p><strong>Organograma<\/strong> (<em>&gt;clique para ampliar<\/em>)<\/p>\n<p><a href=\"http:\/\/sindicato.biz\/neu\/wp-content\/uploads\/2008\/01\/organograma.jpg\" title=\"organograma.jpg\"><img src=\"http:\/\/sindicato.biz\/neu\/wp-content\/uploads\/2008\/01\/organograma.jpg\" alt=\"organograma.jpg\" width=\"530\" \/><\/a><a href=\"http:\/\/sindicato.biz\/neu\/wp-content\/uploads\/2008\/01\/organograma.jpg\" title=\"organograma.jpg\"> <\/a><\/p>\n<p><a href=\"http:\/\/sindicato.biz\/neu\/wp-content\/uploads\/2008\/01\/im_1.jpg\" title=\"im_1.jpg\"><img src=\"http:\/\/sindicato.biz\/neu\/wp-content\/uploads\/2008\/01\/im_1.jpg\" alt=\"im_1.jpg\" \/><\/a><\/p>\n<p><a href=\"http:\/\/sindicato.biz\/neu\/wp-content\/uploads\/2008\/01\/im_2.jpg\" title=\"im_2.jpg\"><img src=\"http:\/\/sindicato.biz\/neu\/wp-content\/uploads\/2008\/01\/im_2.jpg\" alt=\"im_2.jpg\" \/><\/a><\/p>\n<p><a href=\"http:\/\/sindicato.biz\/neu\/wp-content\/uploads\/2008\/01\/im_3.jpg\" title=\"im_3.jpg\"><img src=\"http:\/\/sindicato.biz\/neu\/wp-content\/uploads\/2008\/01\/im_3.jpg\" alt=\"im_3.jpg\" \/><\/a><\/p>\n<p><a href=\"http:\/\/sindicato.biz\/neu\/wp-content\/uploads\/2008\/01\/im_4.jpg\" title=\"im_4.jpg\"><img src=\"http:\/\/sindicato.biz\/neu\/wp-content\/uploads\/2008\/01\/im_4.jpg\" alt=\"im_4.jpg\" \/><\/a><\/p>\n<p><strong>Folhas de rosto e continua\u00e7\u00e3o<\/strong><\/p>\n<p><a href=\"http:\/\/sindicato.biz\/neu\/wp-content\/uploads\/2008\/01\/folhas.jpg\" title=\"folhas.jpg\"><img src=\"http:\/\/sindicato.biz\/neu\/wp-content\/uploads\/2008\/01\/folhas.jpg\" alt=\"folhas.jpg\" \/><\/a><\/p>\n<p><strong>Cart\u00f5es de visita<\/strong><\/p>\n<p><a href=\"http:\/\/sindicato.biz\/neu\/wp-content\/uploads\/2008\/01\/cartoes.jpg\" title=\"cartoes.jpg\"><img src=\"http:\/\/sindicato.biz\/neu\/wp-content\/uploads\/2008\/01\/cartoes.jpg\" alt=\"cartoes.jpg\" \/><\/a><\/p>\n<p><strong>Cart\u00e3o de cumprimentos<\/strong><\/p>\n<p><a href=\"http:\/\/sindicato.biz\/neu\/wp-content\/uploads\/2008\/01\/cumprimentos.jpg\" title=\"cumprimentos.jpg\"><img src=\"http:\/\/sindicato.biz\/neu\/wp-content\/uploads\/2008\/01\/cumprimentos.jpg\" alt=\"cumprimentos.jpg\" \/><\/a><\/p>\n<p><strong>Envelope DL<\/strong><\/p>\n<p><a href=\"http:\/\/sindicato.biz\/neu\/wp-content\/uploads\/2008\/01\/envelope.jpg\" title=\"envelope.jpg\"><img src=\"http:\/\/sindicato.biz\/neu\/wp-content\/uploads\/2008\/01\/envelope.jpg\" alt=\"envelope.jpg\" \/><\/a><\/p>\n<p><strong>Capa C4<\/strong><\/p>\n<p><a href=\"http:\/\/sindicato.biz\/neu\/wp-content\/uploads\/2008\/01\/capa_c4.jpg\" title=\"capa_c4.jpg\"><img src=\"http:\/\/sindicato.biz\/neu\/wp-content\/uploads\/2008\/01\/capa_c4.jpg\" alt=\"capa_c4.jpg\" \/><\/a><\/p>\n<p><strong>Capa C5<\/strong><\/p>\n<p><a href=\"http:\/\/sindicato.biz\/neu\/wp-content\/uploads\/2008\/01\/capa_c5.jpg\" title=\"capa_c5.jpg\"><img src=\"http:\/\/sindicato.biz\/neu\/wp-content\/uploads\/2008\/01\/capa_c5.jpg\" alt=\"capa_c5.jpg\" \/><\/a><\/p>\n<p><strong>Capa CD<\/strong><\/p>\n<p><a href=\"http:\/\/sindicato.biz\/neu\/wp-content\/uploads\/2008\/01\/capa_cd.jpg\" title=\"capa_cd.jpg\"><img src=\"http:\/\/sindicato.biz\/neu\/wp-content\/uploads\/2008\/01\/capa_cd.jpg\" alt=\"capa_cd.jpg\" \/><\/a><\/p>\n<p><strong>Folhas de fax &#8211; rosto e continua\u00e7\u00e3o<\/strong><\/p>\n<p><a href=\"http:\/\/sindicato.biz\/neu\/wp-content\/uploads\/2008\/01\/fax.jpg\" title=\"fax.jpg\"><img src=\"http:\/\/sindicato.biz\/neu\/wp-content\/uploads\/2008\/01\/fax.jpg\" alt=\"fax.jpg\" \/><\/a><a href=\"http:\/\/sindicato.biz\/neu\/wp-content\/uploads\/2008\/01\/fax.jpg\" title=\"fax.jpg\"> <\/a><\/p>\n<p><strong>Capa <em>book<\/em><\/strong><\/p>\n<p><a href=\"http:\/\/sindicato.biz\/neu\/wp-content\/uploads\/2008\/01\/book.jpg\" title=\"book.jpg\"><img src=\"http:\/\/sindicato.biz\/neu\/wp-content\/uploads\/2008\/01\/book.jpg\" alt=\"book.jpg\" \/><\/a><\/p>\n<p><strong>Pre\u00e7\u00e1rio<\/strong><\/p>\n<p><a href=\"http:\/\/sindicato.biz\/neu\/wp-content\/uploads\/2008\/01\/precario.jpg\" title=\"precario.jpg\"><img src=\"http:\/\/sindicato.biz\/neu\/wp-content\/uploads\/2008\/01\/precario.jpg\" alt=\"precario.jpg\" \/><\/a><\/p>\n<p><strong><em>Kit<\/em> de normas gr\u00e1ficas<\/strong><\/p>\n<p><a href=\"http:\/\/sindicato.biz\/neu\/wp-content\/uploads\/2008\/01\/kit.jpg\" title=\"kit.jpg\"><img src=\"http:\/\/sindicato.biz\/neu\/wp-content\/uploads\/2008\/01\/kit.jpg\" alt=\"kit.jpg\" \/><\/a><\/p>\n<p><strong>Capa DVD<\/strong><\/p>\n<p><a href=\"http:\/\/sindicato.biz\/neu\/wp-content\/uploads\/2008\/01\/capa_dvd.jpg\" title=\"capa_dvd.jpg\"><img src=\"http:\/\/sindicato.biz\/neu\/wp-content\/uploads\/2008\/01\/capa_dvd.jpg\" alt=\"capa_dvd.jpg\" \/><\/a><\/p>\n","protected":false},"excerpt":{"rendered":"<p>Rebranding da ag\u00eancia de modelos l&#8217;Agence \u2013 2005 *Trabalho desenvolvido na Brandia. Direitos pertencentes a Brandia Central e l&#8217;Agence. Organograma (&gt;clique para ampliar) Folhas de rosto e continua\u00e7\u00e3o Cart\u00f5es de visita Cart\u00e3o de cumprimentos Envelope DL Capa C4 Capa C5 Capa CD Folhas de fax &#8211; rosto e continua\u00e7\u00e3o Capa book Pre\u00e7\u00e1rio Kit de normas &hellip; <a href=\"http:\/\/sindicato.biz\/neu\/trabalhos-work\/l%e2%80%99agence-identidade\" class=\"more-link\">Continue reading<span class=\"screen-reader-text\"> &#8220;l\u2019Agence &#45; identidade corporativa&#8221;<\/span><\/a><\/p>\n","protected":false},"author":1,"featured_media":0,"parent":19,"menu_order":10,"comment_status":"closed","ping_status":"closed","template":"","meta":[],"_links":{"self":[{"href":"http:\/\/sindicato.biz\/neu\/wp-json\/wp\/v2\/pages\/169"}],"collection":[{"href":"http:\/\/sindicato.biz\/neu\/wp-json\/wp\/v2\/pages"}],"about":[{"href":"http:\/\/sindicato.biz\/neu\/wp-json\/wp\/v2\/types\/page"}],"author":[{"embeddable":true,"href":"http:\/\/sindicato.biz\/neu\/wp-json\/wp\/v2\/users\/1"}],"replies":[{"embeddable":true,"href":"http:\/\/sindicato.biz\/neu\/wp-json\/wp\/v2\/comments?post=169"}],"version-history":[{"count":4,"href":"http:\/\/sindicato.biz\/neu\/wp-json\/wp\/v2\/pages\/169\/revisions"}],"predecessor-version":[{"id":666,"href":"http:\/\/sindicato.biz\/neu\/wp-json\/wp\/v2\/pages\/169\/revisions\/666"}],"up":[{"embeddable":true,"href":"http:\/\/sindicato.biz\/neu\/wp-json\/wp\/v2\/pages\/19"}],"wp:attachment":[{"href":"http:\/\/sindicato.biz\/neu\/wp-json\/wp\/v2\/media?parent=169"}],"curies":[{"name":"wp","href":"https:\/\/api.w.org\/{rel}","templated":true}]}}