{"id":11,"date":"2007-05-18T14:10:33","date_gmt":"2007-05-18T14:10:33","guid":{"rendered":"http:\/\/sindicato.biz\/neu\/?page_id=11"},"modified":"2014-01-14T11:50:40","modified_gmt":"2014-01-14T11:50:40","slug":"curriculo-biography","status":"publish","type":"page","link":"http:\/\/sindicato.biz\/neu\/curriculo-biography","title":{"rendered":"CURR\u00cdCULO \/ BIOGRAPHY"},"content":{"rendered":"<h4>DADOS PESSOAIS<\/h4>\n<p>Ant\u00f3nio Manuel Matos N\u00e9u<\/p>\n<p>Nascido em 22\/11\/1963, em Lisboa.<\/p>\n<p>Morada: Rua Rodrigo da Fonseca, 107 &#8211; 2\u00ba D     \u2022 1070-239 Lisboa<\/p>\n<p>Telefones: 21 342 10 83 \/ 91 913 28 42<\/p>\n<p>E-mail: neu@sindicato.biz \/ neu63@netcabo.pt<\/p>\n<h4>FORMA\u00c7\u00c3O ESCOLAR<\/h4>\n<p>Frequ\u00eancia, at\u00e9 ao 4\u00ba ano, do curso de Arquitectura da Faculdade de Arquitectura da Universidade T\u00e9cnica de Lisboa.<\/p>\n<h4>CURR\u00cdCULO PROFISSIONAL<\/h4>\n<p><strong>1988:<\/strong><br \/>\nIniciou a actividade profissional como cen\u00f3grafo na produtora de cinema Nova Imagem. Durante seis meses, realizou v\u00e1rios cen\u00e1rios, entre os quais se destacam P\u00e1ginas Amarelas \u2013 \u201cMundo Amarelo\u201d \u2013 e Maionese Maggi, este \u00faltimo premiado no Festival do Filme de Nova Iorque (pr\u00e9mio de finalista) e 1\u00ba Pr\u00e9mio categoria TV da revista Marketing &amp; Publicidade.<\/p>\n<p><strong>1989:<\/strong><br \/>\nEntrou para os quadros da NovoDesign, como designer gr\u00e1fico, onde permaneceu at\u00e9 ao m\u00eas de Junho de 2006.<br \/>\nTem trabalhado em todas as \u00e1reas do design gr\u00e1fico: Identidade Visual (desenvolvimento de identidade, manuais de normas, etc.), General Graphics (brochuras, folhetos, calend\u00e1rios, relat\u00f3rios e contas, etc.), Ilustra\u00e7\u00e3o, e tamb\u00e9m Publicidade especialmente no dom\u00ednio do direct mail para a Nova Publicidade, empresa associada da NovoDesign.<br \/>\nNessa \u00e9poca, os clientes com quem mais trabalhou foram a Portugal Telecom, CP, Expo 98, Elos, Ocidental Seguros \/ Nova Rede, Sibs e Telecel.<br \/>\nTrabalhou como coordenador da \u00e1rea de Identidade Visual da NovoDesign.<\/p>\n<p><strong>2000-2001:<\/strong><br \/>\nTrabalhou como webdesigner dentro da empresa, sendo respons\u00e1vel pelo design dos sites da Galp e da Netc (Telecel), e pela constru\u00e7\u00e3o e programa\u00e7\u00e3o do site da Buondi Caffe. Neste contexto, assistiu \u00e0 1\u00aa Confer\u00eancia Flash Forward 2000, em S. Francisco (Mar\u00e7o de 2000), U.S.A.<\/p>\n<p><strong>2000-2002:<\/strong><br \/>\nTrabalhos gr\u00e1ficos e de identidade visual para a Fima, Concentra e Vodafone. Identidade e campanha da O\u2019Neill Pro \u2013 Campeonato do Mundo de Surf.<br \/>\nEm 2002, transitou para a empresa Basement pertencente ao grupo. Nesse mesmo ano, participou na campanha de lan\u00e7amento da loja Vyrus, que pertenceu \u00e0 short list do concurso do Clube dos Criativos.<br \/>\nTrabalhou em especial nas v\u00e1rias campanhas de promo\u00e7\u00e3o da loja Vyrus \/ Yornstore, sendo respons\u00e1vel pela identidade da Yornstore e do site Trevo da Santa Casa da Miseric\u00f3rdia. Continuou a trabalhar as marcas Vodafone e Yorn.<\/p>\n<p><strong>2003:<\/strong><br \/>\nTrabalho de packaging para a Yorn na short list no concurso do Clube dos Criativos.<\/p>\n<p><strong>2004:<\/strong><br \/>\nVencedor dos pr\u00e9mios ouro do Clube dos Criativos e Neur\u00f3nio \/ Marketing Relacional  com Be Happy Go Naked para a Yorn Store. Stand Undercover (jogo) para a Vodafone na short list no concurso do Clube dos Criativos.<br \/>\nParticipa\u00e7\u00e3o na exposi\u00e7\u00e3o Luz de N\u00f3s na Galeria Brandia Spot com o trabalho Surfing the Revolution para a Red Bull.<\/p>\n<p><strong>2005:<\/strong><br \/>\nVencedor dos pr\u00e9mios prata do Clube dos Criativos com Relat\u00f3rio e Contas de 2003 da Vodafone e bronze Clube dos Criativos com Be Happy Change Yourself para a Yorn Store. Campanha Be Happy Go Racing para a Yorn Store na short list no concurso do Clube dos Criativos e finalista nos pr\u00e9mios Neur\u00f3nio.<br \/>\nConcep\u00e7\u00e3o do stand e material promocional da Wearplay na Feira Bread &amp; Butter em Barcelona, em Julho de 2005.<\/p>\n<p><strong>2006:<\/strong><br \/>\nVencedor dos pr\u00e9mios, ambos prata, do Clube dos Criativos com a decora\u00e7\u00e3o de Natal 05 da sede da Vodafone e com o cat\u00e1logo outono \/ inverno 05-06 para a Wearplay.<br \/>\nConcep\u00e7\u00e3o do stand e material promocional da Wearplay na Feira Bread &amp; Butter em Barcelona, em Janeiro de 2006.<br \/>\nDesde Julho deste ano, tem vindo a exercer ininterruptamente e em exclusivo a actividade de designer gr\u00e1fico e web como free-lancer.<\/p>\n<p><strong>2007:<\/strong><br \/>\nPr\u00e9mio de bronze na categoria de ilustra\u00e7\u00e3o no festival do Clube de Criativos para Yorn \/ Vodafone (em colabora\u00e7\u00e3o com a Brandia Central).<br \/>\nCalend\u00e1rio colectivo de 2008 para M2, a convite da empresa Mola Ativism.<\/p>\n<p><strong>2008-2014:<\/strong><br \/>\nNeste per\u00edodo, al\u00e9m de manter a actividade de designer gr\u00e1fico, tem trabalhado como web designer e web developer.<br \/>\nCoordena a plataforma de sinergias criativas sindicato.biz, website para o qual fez a programa\u00e7\u00e3o e desenvolvimento. \u00c9 actualmente respons\u00e1vel pela gest\u00e3o do site.<br \/>\nDesde junho de 2013 acumula com esta actividade a direc\u00e7\u00e3o de arte da vers\u00e3o online da revista Umbigo. Foi tamb\u00e9m respons\u00e1vel pela cria\u00e7\u00e3o deste website.<\/p>\n<p><strong>Durante os anos em que trabalhou para a NovoDesign \/ Basement \/ Brandia \/ Brandia Central, exerceu actividade eventual como free-lancer, em trabalhos em \u00e1reas diversificadas:<\/strong><\/p>\n<p>\u2022 Promo\u00e7\u00e3o de eventos musicais: festa A Uni\u00e3o Faz a Dan\u00e7a \u2013 Expo 98, Gala Gay \u2013 Expo 98; produtoras v\u00e1rias.<\/p>\n<p>\u2022 Design para capas de discos: Projecto Oom \u2013 Gabriel Gomes \/ Valentim de Carvalho (1998); Psy-kicks \/ Valentim de Carvalho (2001).<\/p>\n<p>\u2022 Moda:  Atelier Ant\u00f3nia Rosa; Pedro Lata Produ\u00e7\u00f5es; Vestir o Futuro \u2013 Expo 98.<\/p>\n<p>\u2022 Imagem e promo\u00e7\u00e3o de lojas: A Outra Face da Lua; Sneakers Delight; Facto Cabeleireiros, Crise Luxuosa \u2013 Livraria Editora.<\/p>\n<p>\u2022 Design de capas de livros para as editoras Crise Luxuosa (1999) e Dom Quixote (2006).<\/p>\n<p>\u2022 Imagem promocional do document\u00e1rio Jorge de Sena, o Escritor Prodigioso, de Joana Pontes (2005).<\/p>\n<p>\u2022 Imagem promocional da pe\u00e7a Vai-vem, de Nelson Guerreiro (2005).<\/p>\n<p>\u2022 Participa\u00e7\u00e3o na exposi\u00e7\u00e3o colectiva The Artwords Project, com o trabalho Este \u00e9 um Livro de Parede, patente na Galeria Armaz\u00e9m (Abril de 2006), Festival Circuit Lisboa (Maio de 2006) e Festival Clube dos Criativos (Junho de 2006).<\/p>\n","protected":false},"excerpt":{"rendered":"<p>DADOS PESSOAIS Ant\u00f3nio Manuel Matos N\u00e9u Nascido em 22\/11\/1963, em Lisboa. Morada: Rua Rodrigo da Fonseca, 107 &#8211; 2\u00ba D \u2022 1070-239 Lisboa Telefones: 21 342 10 83 \/ 91 913 28 42 E-mail: neu@sindicato.biz \/ neu63@netcabo.pt FORMA\u00c7\u00c3O ESCOLAR Frequ\u00eancia, at\u00e9 ao 4\u00ba ano, do curso de Arquitectura da Faculdade de Arquitectura da Universidade T\u00e9cnica &hellip; <a href=\"http:\/\/sindicato.biz\/neu\/curriculo-biography\" class=\"more-link\">Continue reading<span class=\"screen-reader-text\"> &#8220;CURR\u00cdCULO \/ BIOGRAPHY&#8221;<\/span><\/a><\/p>\n","protected":false},"author":1,"featured_media":0,"parent":0,"menu_order":2,"comment_status":"closed","ping_status":"closed","template":"","meta":[],"_links":{"self":[{"href":"http:\/\/sindicato.biz\/neu\/wp-json\/wp\/v2\/pages\/11"}],"collection":[{"href":"http:\/\/sindicato.biz\/neu\/wp-json\/wp\/v2\/pages"}],"about":[{"href":"http:\/\/sindicato.biz\/neu\/wp-json\/wp\/v2\/types\/page"}],"author":[{"embeddable":true,"href":"http:\/\/sindicato.biz\/neu\/wp-json\/wp\/v2\/users\/1"}],"replies":[{"embeddable":true,"href":"http:\/\/sindicato.biz\/neu\/wp-json\/wp\/v2\/comments?post=11"}],"version-history":[{"count":14,"href":"http:\/\/sindicato.biz\/neu\/wp-json\/wp\/v2\/pages\/11\/revisions"}],"predecessor-version":[{"id":783,"href":"http:\/\/sindicato.biz\/neu\/wp-json\/wp\/v2\/pages\/11\/revisions\/783"}],"wp:attachment":[{"href":"http:\/\/sindicato.biz\/neu\/wp-json\/wp\/v2\/media?parent=11"}],"curies":[{"name":"wp","href":"https:\/\/api.w.org\/{rel}","templated":true}]}}